{"id":32,"date":"2015-02-10T13:46:07","date_gmt":"2015-02-10T13:46:07","guid":{"rendered":"http:\/\/topeni.allcomp.cz\/wp\/?page_id=32"},"modified":"2023-01-26T12:40:29","modified_gmt":"2023-01-26T12:40:29","slug":"rd-4-mrac","status":"publish","type":"page","link":"http:\/\/topeni.allcomp.cz\/?page_id=32","title":{"rendered":"Mra\u010d &#8211; 16 kW \/ 3-F"},"content":{"rendered":"\n<h5>Rodinn\u00fd d\u016fm s tepeln\u00fdm \u010derpadlem o v\u00fdkonu 16kW<\/h5>\n\n\n\n<figure class=\"wp-block-image size-full\"><a href=\"http:\/\/topeni.allcomp.cz\/wp-content\/uploads\/2023\/01\/Mrac-domecek7009.jpg\"><img loading=\"lazy\" width=\"568\" height=\"424\" src=\"http:\/\/topeni.allcomp.cz\/wp-content\/uploads\/2023\/01\/Mrac-domecek7009.jpg\" alt=\"\" class=\"wp-image-518\" srcset=\"http:\/\/topeni.allcomp.cz\/wp-content\/uploads\/2023\/01\/Mrac-domecek7009.jpg 568w, http:\/\/topeni.allcomp.cz\/wp-content\/uploads\/2023\/01\/Mrac-domecek7009-300x224.jpg 300w\" sizes=\"(max-width: 568px) 100vw, 568px\" \/><\/a><\/figure>\n\n\n\n<hr class=\"wp-block-separator has-css-opacity\"\/>\n\n\n\n<h5>Vyt\u00e1p\u011bn\u00ed objektu<\/h5>\n\n\n\n<p>Vyt\u00e1p\u011bn\u00ed domu je pln\u011b pokryto teplovodn\u00edm syst\u00e9mem s tepeln\u00fdm \u010derpadlem o v\u00fdkonu 16kW \/ 3 f\u00e1zov\u00fd.<br>Tepeln\u00e9 \u010derpadlo <strong>PANASONIC AQUAREA 16kW<\/strong><br>Cel\u00fd objekt je \u0159e\u0161en teplovodn\u00edm vyt\u00e1p\u011bn\u00edm s radi\u00e1tory.<\/p>\n\n\n\n<hr class=\"wp-block-separator has-css-opacity\"\/>\n\n\n\n<h5>Technick\u00e9 parametry<\/h5>\n\n\n\n<p>Objekt je podsklepen\u00fd, s dv\u011bmi podla\u017e\u00edmi, o celkov\u00e9 zastav\u011bn\u00e9 plo\u0161e 130,0 m<sup>2<\/sup> a vyt\u00e1p\u011bn\u00e9 plo\u0161e 390,0 m<sup>2<\/sup>. Tepeln\u00e9 ztr\u00e1ty byly spo\u010d\u00edt\u00e1ny na cca 18,4 kW.<\/p>\n\n\n\n<figure class=\"wp-block-table is-style-stripes\"><table><tbody><tr><td>Zastav\u011bn\u00e1 plocha<\/td><td>130,0 m<sup>2<\/sup><\/td><\/tr><tr><td>Vyt\u00e1p\u011bn\u00e1 plocha<\/td><td>390,0 m<sup>2<\/sup><\/td><\/tr><tr><td>Vyt\u00e1p\u011bn\u00fd objem<\/td><td>650,0 m<sup>3<\/sup><\/td><\/tr><tr><td>Vypo\u010d\u00edtan\u00e1 tepeln\u00e1 ztr\u00e1ta<\/td><td>18,4 kW<\/td><\/tr><tr><td>V\u00fdkon instalovan\u00e9ho vyt\u00e1p\u011bn\u00ed<\/td><td>16,0 kW<\/td><\/tr><tr><td>P\u0159\u00edkon instalovan\u00e9ho vyt\u00e1p\u011bn\u00ed<\/td><td>4 kW \/ 3 f\u00e1zov\u00fd<\/td><\/tr><tr><td>Hlavn\u00ed domovn\u00ed jisti\u010d<\/td><td>3x 32 A<\/td><\/tr><tr><td>Domovn\u00ed sazba<\/td><td>D56d (Tepeln\u00e9 \u010derpadlo, 22 hodin NT)<\/td><\/tr><tr><td>Nadmo\u0159sk\u00e1 v\u00fd\u0161ka objektu<\/td><td>320 m.n.m.<\/td><\/tr><\/tbody><\/table><\/figure>\n\n\n\n<hr class=\"wp-block-separator has-css-opacity\"\/>\n\n\n\n<h5>Provozn\u00ed n\u00e1klady<\/h5>\n\n\n\n<figure class=\"wp-block-table is-style-stripes\"><table><tbody><tr><td>Elektrokotel + kotel na TP (koks)\/ 2009 &#8211; 10<\/td><td>&nbsp;&#8211;<\/td><td>&nbsp;<\/td><td>&nbsp;72 000,-<\/td><\/tr><tr><td>Tepeln\u00e9 \u010derpadlo 16kW&nbsp;\/ 2010 &#8211; 11<\/td><td>&nbsp;12 500<\/td><td>&nbsp;<\/td><td>&nbsp;30 000,-<\/td><\/tr><tr><td>Tepeln\u00e9 \u010derpadlo 16kW&nbsp;\/ 2011 &#8211; 12<\/td><td>&nbsp;9 705<\/td><td>&nbsp;<\/td><td>&nbsp;23 366,-<\/td><\/tr><tr><td>Tepeln\u00e9 \u010derpadlo 16kW&nbsp;\/ 2012 &#8211; 13<\/td><td>&nbsp;13 122<\/td><td>&nbsp;<\/td><td>&nbsp;36 112,-<\/td><\/tr><tr><td>Tepeln\u00e9 \u010derpadlo 16kW \/ 2013 &#8211; 14<\/td><td>&nbsp;10 661<\/td><td>&nbsp;<\/td><td>&nbsp;29 959,-<\/td><\/tr><tr><td>Tepeln\u00e9 \u010derpadlo 16kW \/ 2014 &#8211; 15<\/td><td> 11 372<\/td><td>&nbsp;<\/td><td>31 955,-<\/td><\/tr><tr><td>Tepeln\u00e9 \u010derpadlo 16kW \/ 2015 &#8211; 16<\/td><td> 12 845<\/td><td><\/td><td>36 094,-<\/td><\/tr><tr><td>Tepeln\u00e9 \u010derpadlo 16kW \/ 2016 &#8211; 17<\/td><td> 13 117<\/td><td><\/td><td>36 859,-<\/td><\/tr><tr><td>Tepeln\u00e9 \u010derpadlo 16kW \/ 2017 &#8211; 18<\/td><td> 11 654<\/td><td><\/td><td>33 913,-<\/td><\/tr><tr><td>Tepeln\u00e9 \u010derpadlo 16kW \/ 2018 &#8211; 19<\/td><td> 12 901<\/td><td><\/td><td>38 316,-<\/td><\/tr><tr><td>Tepeln\u00e9 \u010derpadlo 16kW \/ 2019 &#8211; 20<\/td><td> 13 404<\/td><td><\/td><td>39 810,-<\/td><\/tr><tr><td>Tepeln\u00e9 \u010derpadlo 16kW \/ 2020 &#8211; 21<\/td><td> 12 842<\/td><td><\/td><td>41 094,-<\/td><\/tr><tr><td>Tepeln\u00e9 \u010derpadlo 16kW \/ 2021 &#8211; 22<\/td><td> 12 553<\/td><td><\/td><td>56 468,-<\/td><\/tr><tr><td><\/td><td><\/td><td><\/td><td><\/td><\/tr><\/tbody><\/table><\/figure>\n\n\n\n<p><\/p>\n\n\n\n<p><\/p>\n","protected":false},"excerpt":{"rendered":"<p>Rodinn\u00fd d\u016fm s tepeln\u00fdm \u010derpadlem o v\u00fdkonu 16kW Vyt\u00e1p\u011bn\u00ed objektu Vyt\u00e1p\u011bn\u00ed domu je pln\u011b pokryto teplovodn\u00edm syst\u00e9mem s tepeln\u00fdm \u010derpadlem o v\u00fdkonu 16kW \/ 3 f\u00e1zov\u00fd.Tepeln\u00e9 \u010derpadlo PANASONIC AQUAREA 16kWCel\u00fd objekt je \u0159e\u0161en teplovodn\u00edm vyt\u00e1p\u011bn\u00edm s radi\u00e1tory. Technick\u00e9 parametry Objekt je podsklepen\u00fd, s dv\u011bmi podla\u017e\u00edmi, o celkov\u00e9 zastav\u011bn\u00e9 plo\u0161e 130,0 m2 a vyt\u00e1p\u011bn\u00e9 plo\u0161e 390,0 [&hellip;]<\/p>\n","protected":false},"author":1,"featured_media":0,"parent":0,"menu_order":0,"comment_status":"closed","ping_status":"closed","template":"","meta":[],"_links":{"self":[{"href":"http:\/\/topeni.allcomp.cz\/index.php?rest_route=\/wp\/v2\/pages\/32"}],"collection":[{"href":"http:\/\/topeni.allcomp.cz\/index.php?rest_route=\/wp\/v2\/pages"}],"about":[{"href":"http:\/\/topeni.allcomp.cz\/index.php?rest_route=\/wp\/v2\/types\/page"}],"author":[{"embeddable":true,"href":"http:\/\/topeni.allcomp.cz\/index.php?rest_route=\/wp\/v2\/users\/1"}],"replies":[{"embeddable":true,"href":"http:\/\/topeni.allcomp.cz\/index.php?rest_route=%2Fwp%2Fv2%2Fcomments&post=32"}],"version-history":[{"count":27,"href":"http:\/\/topeni.allcomp.cz\/index.php?rest_route=\/wp\/v2\/pages\/32\/revisions"}],"predecessor-version":[{"id":520,"href":"http:\/\/topeni.allcomp.cz\/index.php?rest_route=\/wp\/v2\/pages\/32\/revisions\/520"}],"wp:attachment":[{"href":"http:\/\/topeni.allcomp.cz\/index.php?rest_route=%2Fwp%2Fv2%2Fmedia&parent=32"}],"curies":[{"name":"wp","href":"https:\/\/api.w.org\/{rel}","templated":true}]}}