{"id":40,"date":"2015-02-10T13:46:53","date_gmt":"2015-02-10T13:46:53","guid":{"rendered":"http:\/\/topeni.allcomp.cz\/wp\/?page_id=40"},"modified":"2025-10-24T06:58:00","modified_gmt":"2025-10-24T06:58:00","slug":"rd-8-netvorice","status":"publish","type":"page","link":"http:\/\/topeni.allcomp.cz\/?page_id=40","title":{"rendered":"Netvo\u0159ice &#8211; 9 kW \/ 3-F"},"content":{"rendered":"\n<h2>Rodinn\u00fd d\u016fm &#8211; Netvo\u0159ice<\/h2>\n\n\n\n<p><iframe loading=\"lazy\" src=\"https:\/\/topeni.allcomp.cz\/esp_aktualni_teploty.php?domecek=7021&amp;port=8218\" width=\"679\" height=\"330\" frameborder=\"0\" scrolling=\"NO\" align=\"middle\"><\/iframe><\/p>\n\n\n\n<h3>&nbsp;<\/h3>\n\n\n\n<h3>Provozn\u00ed n\u00e1klady<\/h3>\n\n\n\n<p>Objekt je vybaven tepeln\u00fdm \u010derpadlem 12kW od 23. 10. 2014, v roce 2017 byla z d\u016fvodu inovace a testov\u00e1n\u00ed, provedena v\u00fdm\u011bna za nov\u00fd typ tepeln\u00e9ho \u010derpadla 9kW.<\/p>\n\n\n\n<p>Tepeln\u00e9 \u010derpadlo je vyu\u017eito pro vyt\u00e1p\u011bn\u00ed objektu a pro oh\u0159ev tepl\u00e9 u\u017eitkov\u00e9 vody se z\u00e1sobn\u00edkem 200 litr\u016f.<br>M\u016f\u017eete i vy pr\u016fb\u011b\u017en\u011b sledovat provoz tohoto \u010derpadla. Provozn\u00ed n\u00e1klady jsou v\u017edy objektivn\u00ed a\u017e na konci topn\u00e9 sez\u00f3ny.<\/p>\n\n\n\n<figure class=\"wp-block-table is-style-stripes has-small-font-size\"><table class=\"has-black-color has-text-color\"><thead><tr><td>Typ vyt\u00e1p\u011bn\u00ed \/ topn\u00e1 sez\u00f3na<\/td><td>Spot\u0159eba v kWh<\/td><td>CZK<\/td><\/tr><tr><td>UT<\/td><td>TUV<\/td><\/tr><\/thead><tbody><tr><td>Tepeln\u00e9 \u010derpadlo 12kW \/ leden 2014 &#8211; 15<\/td><td><strong>9 565,7<\/strong><\/td><td><\/td><td><strong>26 879,-<\/strong><\/td><\/tr><tr><td>Tepeln\u00e9 \u010derpadlo 12kW \/ 2016 &#8211; 17<\/td><td><strong>13 012,0<\/strong><\/td><td><\/td><td><strong>35 132,-<\/strong><\/td><\/tr><tr><td>Tepeln\u00e9 \u010derpadlo 9kW \/ 2017 &#8211; 18<\/td><td><strong>11 455,0<\/strong><\/td><td><\/td><td><strong>30 928,-<\/strong><\/td><\/tr><tr><td>Tepeln\u00e9 \u010derpadlo 9kW \/ 2019 &#8211; 20<\/td><td><strong>12 177,0<\/strong><\/td><td><\/td><td><strong>36 165,-<\/strong><\/td><\/tr><tr><td>Tepeln\u00e9 \u010derpadlo 9kW \/ 2020 &#8211; 21<\/td><td><strong>12 511,0<\/strong><\/td><td><\/td><td><strong>40 035,-<\/strong><\/td><\/tr><tr><td>Tepeln\u00e9 \u010derpadlo 9kW \/ 2021 &#8211; 22<\/td><td><strong>13 007,0<\/strong><\/td><td><\/td><td><strong>58 531,-<\/strong><\/td><\/tr><tr><td>Tepeln\u00e9 \u010derpadlo 9kW \/ 2022 &#8211; 23<\/td><td><strong>13 215,0<\/strong><\/td><td><\/td><td><strong>72 814,-<\/strong><\/td><\/tr><tr><td>Tepeln\u00e9 \u010derpadlo 9kW \/ 2023 &#8211; 24<\/td><td><strong>12 216,0<\/strong><\/td><td><\/td><td><strong>59 858,-<\/strong><\/td><\/tr><tr><td>Tepeln\u00e9 \u010derpadlo 9kW \/ 2024 &#8211; 25<\/td><td><strong>10 988,0<\/strong><\/td><td><\/td><td><strong>76 916,-<\/strong><\/td><\/tr><\/tbody><\/table><\/figure>\n\n\n\n<h3>&nbsp;<\/h3>\n\n\n\n<h3>Graf teplot<\/h3>\n\n\n\n<p><iframe loading=\"lazy\" src=\"https:\/\/cloud.allcomp.cz\/espm\/chart.php?port=82182&amp;background=white&amp;limit=2800\" width=\"679\" height=\"730\" frameborder=\"0\" scrolling=\"AUTO\" align=\"middle\"><\/iframe><\/p>\n","protected":false},"excerpt":{"rendered":"<p>Rodinn\u00fd d\u016fm &#8211; Netvo\u0159ice &nbsp; Provozn\u00ed n\u00e1klady Objekt je vybaven tepeln\u00fdm \u010derpadlem 12kW od 23. 10. 2014, v roce 2017 byla z d\u016fvodu inovace a testov\u00e1n\u00ed, provedena v\u00fdm\u011bna za nov\u00fd typ tepeln\u00e9ho \u010derpadla 9kW. Tepeln\u00e9 \u010derpadlo je vyu\u017eito pro vyt\u00e1p\u011bn\u00ed objektu a pro oh\u0159ev tepl\u00e9 u\u017eitkov\u00e9 vody se z\u00e1sobn\u00edkem 200 litr\u016f.M\u016f\u017eete i vy pr\u016fb\u011b\u017en\u011b sledovat [&hellip;]<\/p>\n","protected":false},"author":1,"featured_media":0,"parent":0,"menu_order":0,"comment_status":"closed","ping_status":"closed","template":"","meta":[],"_links":{"self":[{"href":"http:\/\/topeni.allcomp.cz\/index.php?rest_route=\/wp\/v2\/pages\/40"}],"collection":[{"href":"http:\/\/topeni.allcomp.cz\/index.php?rest_route=\/wp\/v2\/pages"}],"about":[{"href":"http:\/\/topeni.allcomp.cz\/index.php?rest_route=\/wp\/v2\/types\/page"}],"author":[{"embeddable":true,"href":"http:\/\/topeni.allcomp.cz\/index.php?rest_route=\/wp\/v2\/users\/1"}],"replies":[{"embeddable":true,"href":"http:\/\/topeni.allcomp.cz\/index.php?rest_route=%2Fwp%2Fv2%2Fcomments&post=40"}],"version-history":[{"count":38,"href":"http:\/\/topeni.allcomp.cz\/index.php?rest_route=\/wp\/v2\/pages\/40\/revisions"}],"predecessor-version":[{"id":553,"href":"http:\/\/topeni.allcomp.cz\/index.php?rest_route=\/wp\/v2\/pages\/40\/revisions\/553"}],"wp:attachment":[{"href":"http:\/\/topeni.allcomp.cz\/index.php?rest_route=%2Fwp%2Fv2%2Fmedia&parent=40"}],"curies":[{"name":"wp","href":"https:\/\/api.w.org\/{rel}","templated":true}]}}